{"id":44,"date":"2024-09-07T15:58:36","date_gmt":"2024-09-07T13:58:36","guid":{"rendered":"https:\/\/estellesebene.fr\/?page_id=44"},"modified":"2025-12-02T19:13:43","modified_gmt":"2025-12-02T18:13:43","slug":"mes-ouvrages","status":"publish","type":"page","link":"https:\/\/estellesebene.fr\/index.php\/mes-ouvrages\/","title":{"rendered":"Mes ouvrages"},"content":{"rendered":"\n<div class=\"wp-block-group alignfull has-global-padding is-layout-constrained wp-container-core-group-is-layout-d89aad35 wp-block-group-is-layout-constrained\" style=\"margin-top:0;margin-bottom:0;padding-top:var(--wp--preset--spacing--50);padding-right:var(--wp--preset--spacing--50);padding-bottom:var(--wp--preset--spacing--50);padding-left:var(--wp--preset--spacing--50)\">\n<div class=\"wp-block-columns alignwide are-vertically-aligned-center is-layout-flex wp-container-core-columns-is-layout-47c06fe3 wp-block-columns-is-layout-flex\">\n<div class=\"wp-block-column is-vertically-aligned-center is-layout-flow wp-block-column-is-layout-flow\" style=\"flex-basis:50%\">\n<h2 class=\"wp-block-heading\">Rencards et Katanas<\/h2>\n\n\n\n<h3 class=\"wp-block-heading\">Une nouvelle d&rsquo;Urban Fantasy<\/h3>\n\n\n\n<p><strong>Tuer des d\u00e9mons et chercher le grand amour&nbsp;: est-ce vraiment compatible&nbsp;?<\/strong><\/p>\n\n\n\n<p>Encore un rendez-vous rat\u00e9 pour Clio&nbsp;! D\u00e9cid\u00e9ment, pas facile de concilier la vie d\u2019exterminatrice de d\u00e9mons avec la recherche de relation. Et quand un d\u00e9mon particuli\u00e8rement dangereux s\u2019invite dans le monde humain, les choses se compliquent encore\u2026<\/p>\n\n\n\n<div class=\"wp-block-buttons is-content-justification-center is-layout-flex wp-container-core-buttons-is-layout-a89b3969 wp-block-buttons-is-layout-flex\">\n<div class=\"wp-block-button\"><a class=\"wp-block-button__link wp-element-button\" href=\"https:\/\/drive.google.com\/file\/d\/1nwuDmSB6VA_BE0v4wECmu9DMn0aqgtUN\/view?usp=drive_link\">T\u00e9l\u00e9chargez l&rsquo;e-book gratuitement<\/a><\/div>\n<\/div>\n<\/div>\n\n\n\n<div class=\"wp-block-column is-vertically-aligned-center is-layout-flow wp-block-column-is-layout-flow\" style=\"flex-basis:50%\">\n<figure class=\"wp-block-image aligncenter size-full is-style-rounded is-style-rounded--1\"><img loading=\"lazy\" decoding=\"async\" width=\"1500\" height=\"2250\" src=\"https:\/\/estellesebene.fr\/wp-content\/uploads\/2025\/04\/couverture-rk-v3.jpg\" alt=\"\" class=\"wp-image-205\" srcset=\"https:\/\/estellesebene.fr\/wp-content\/uploads\/2025\/04\/couverture-rk-v3.jpg 1500w, https:\/\/estellesebene.fr\/wp-content\/uploads\/2025\/04\/couverture-rk-v3-200x300.jpg 200w, https:\/\/estellesebene.fr\/wp-content\/uploads\/2025\/04\/couverture-rk-v3-683x1024.jpg 683w, https:\/\/estellesebene.fr\/wp-content\/uploads\/2025\/04\/couverture-rk-v3-768x1152.jpg 768w, https:\/\/estellesebene.fr\/wp-content\/uploads\/2025\/04\/couverture-rk-v3-1024x1536.jpg 1024w, https:\/\/estellesebene.fr\/wp-content\/uploads\/2025\/04\/couverture-rk-v3-1365x2048.jpg 1365w, https:\/\/estellesebene.fr\/wp-content\/uploads\/2025\/04\/couverture-rk-v3-600x900.jpg 600w\" sizes=\"auto, (max-width: 1500px) 100vw, 1500px\" \/><\/figure>\n<\/div>\n<\/div>\n<\/div>\n\n\n\n<div class=\"wp-block-group alignfull has-accent-5-background-color has-background has-global-padding is-layout-constrained wp-container-core-group-is-layout-d89aad35 wp-block-group-is-layout-constrained\" style=\"margin-top:0;margin-bottom:0;padding-top:var(--wp--preset--spacing--50);padding-right:var(--wp--preset--spacing--50);padding-bottom:var(--wp--preset--spacing--50);padding-left:var(--wp--preset--spacing--50)\">\n<div class=\"wp-block-columns alignwide is-layout-flex wp-container-core-columns-is-layout-1da03c2a wp-block-columns-is-layout-flex\">\n<div class=\"wp-block-column is-vertically-aligned-center is-layout-flow wp-block-column-is-layout-flow\" style=\"flex-basis:60%\">\n<figure class=\"wp-block-image size-full is-style-rounded is-style-rounded--2\"><img loading=\"lazy\" decoding=\"async\" width=\"1600\" height=\"2560\" src=\"https:\/\/estellesebene.fr\/wp-content\/uploads\/2025\/03\/La-Faille-Estelle-Sebene-Couverture-Ebook.jpg\" alt=\"\" class=\"wp-image-182\" srcset=\"https:\/\/estellesebene.fr\/wp-content\/uploads\/2025\/03\/La-Faille-Estelle-Sebene-Couverture-Ebook.jpg 1600w, https:\/\/estellesebene.fr\/wp-content\/uploads\/2025\/03\/La-Faille-Estelle-Sebene-Couverture-Ebook-188x300.jpg 188w, https:\/\/estellesebene.fr\/wp-content\/uploads\/2025\/03\/La-Faille-Estelle-Sebene-Couverture-Ebook-640x1024.jpg 640w, https:\/\/estellesebene.fr\/wp-content\/uploads\/2025\/03\/La-Faille-Estelle-Sebene-Couverture-Ebook-768x1229.jpg 768w, https:\/\/estellesebene.fr\/wp-content\/uploads\/2025\/03\/La-Faille-Estelle-Sebene-Couverture-Ebook-960x1536.jpg 960w, https:\/\/estellesebene.fr\/wp-content\/uploads\/2025\/03\/La-Faille-Estelle-Sebene-Couverture-Ebook-1280x2048.jpg 1280w, https:\/\/estellesebene.fr\/wp-content\/uploads\/2025\/03\/La-Faille-Estelle-Sebene-Couverture-Ebook-600x960.jpg 600w\" sizes=\"auto, (max-width: 1600px) 100vw, 1600px\" \/><\/figure>\n<\/div>\n\n\n\n<div class=\"wp-block-column is-layout-flow wp-block-column-is-layout-flow\" style=\"flex-basis:40%\">\n<h2 class=\"wp-block-heading\">La Faille<\/h2>\n\n\n\n<h3 class=\"wp-block-heading\">Une dystopie adulte<\/h3>\n\n\n\n<p><strong>Quand les ennemis se multiplient, l\u2019aide provient parfois d\u2019un endroit inattendu.<\/strong><\/p>\n\n\n\n<p><\/p>\n\n\n\n<div class=\"wp-block-buttons is-layout-flex wp-block-buttons-is-layout-flex\">\n<div class=\"wp-block-button\"><a class=\"wp-block-button__link wp-element-button\" href=\"https:\/\/estellesebene.fr\/index.php\/produit\/pack-la-faille\/\">Commander le broch\u00e9<\/a><\/div>\n\n\n\n<div class=\"wp-block-button\"><a class=\"wp-block-button__link wp-element-button\" href=\"https:\/\/estellesebene.fr\/index.php\/produit\/la-faille-livre-numerique\/\">Commander l&rsquo;e-book<\/a><\/div>\n\n\n\n<div class=\"wp-block-button\"><a class=\"wp-block-button__link wp-element-button\" href=\"https:\/\/estellesebene.fr\/index.php\/la-faille\/\" target=\"_blank\" rel=\"noreferrer noopener\">D\u00e9couvrir l&rsquo;univers<\/a><\/div>\n<\/div>\n<\/div>\n<\/div>\n<\/div>\n\n\n\n<div class=\"wp-block-group alignfull has-global-padding is-layout-constrained wp-container-core-group-is-layout-d89aad35 wp-block-group-is-layout-constrained\" style=\"margin-top:0;margin-bottom:0;padding-top:var(--wp--preset--spacing--50);padding-right:var(--wp--preset--spacing--50);padding-bottom:var(--wp--preset--spacing--50);padding-left:var(--wp--preset--spacing--50)\">\n<div class=\"wp-block-columns alignwide are-vertically-aligned-center is-layout-flex wp-container-core-columns-is-layout-47c06fe3 wp-block-columns-is-layout-flex\">\n<div class=\"wp-block-column is-vertically-aligned-center is-layout-flow wp-block-column-is-layout-flow\" style=\"flex-basis:50%\">\n<h2 class=\"wp-block-heading\">Le Miroir de Subjugation<\/h2>\n\n\n\n<h3 class=\"wp-block-heading\">Une romantasy adulte<\/h3>\n\n\n\n<p><strong>Une soci\u00e9t\u00e9 domin\u00e9e par les d\u00e9mons. Une humaine en qu\u00eate de libert\u00e9. Un incube d\u00e9vor\u00e9 par son pouvoir. Un lien qui d\u00e9fie leurs natures.<\/strong><\/p>\n\n\n\n<p><\/p>\n\n\n\n<div class=\"wp-block-buttons is-layout-flex wp-block-buttons-is-layout-flex\">\n<div class=\"wp-block-button\"><a class=\"wp-block-button__link wp-element-button\" href=\"https:\/\/estellesebene.fr\/index.php\/produit\/le-miroir-de-subjugation-broche\/\">Commander le broch\u00e9<\/a><\/div>\n\n\n\n<div class=\"wp-block-button\"><a class=\"wp-block-button__link wp-element-button\" href=\"https:\/\/estellesebene.fr\/index.php\/produit\/le-miroir-de-subjugation-livre-numerique\/\">Commander l&rsquo;e-book<\/a><\/div>\n\n\n\n<div class=\"wp-block-button\"><a class=\"wp-block-button__link wp-element-button\" href=\"https:\/\/estellesebene.fr\/index.php\/produit\/box-le-miroir-de-subjugation\/\">Commander la box<\/a><\/div>\n\n\n\n<div class=\"wp-block-button\"><a class=\"wp-block-button__link wp-element-button\" href=\"https:\/\/estellesebene.fr\/index.php\/le-miroir-de-subjugation\/\" target=\"_blank\" rel=\"noreferrer noopener\">D\u00e9couvrir l&rsquo;univers<\/a><\/div>\n<\/div>\n<\/div>\n\n\n\n<div class=\"wp-block-column is-vertically-aligned-center is-layout-flow wp-block-column-is-layout-flow\" style=\"flex-basis:50%\">\n<figure class=\"wp-block-image size-full is-style-rounded is-style-rounded--3\"><img loading=\"lazy\" decoding=\"async\" width=\"1600\" height=\"2560\" src=\"https:\/\/estellesebene.fr\/wp-content\/uploads\/2025\/03\/Le-Miroir-de-Subjugation-eBOOK.jpg\" alt=\"\" class=\"wp-image-183\" srcset=\"https:\/\/estellesebene.fr\/wp-content\/uploads\/2025\/03\/Le-Miroir-de-Subjugation-eBOOK.jpg 1600w, https:\/\/estellesebene.fr\/wp-content\/uploads\/2025\/03\/Le-Miroir-de-Subjugation-eBOOK-188x300.jpg 188w, https:\/\/estellesebene.fr\/wp-content\/uploads\/2025\/03\/Le-Miroir-de-Subjugation-eBOOK-640x1024.jpg 640w, https:\/\/estellesebene.fr\/wp-content\/uploads\/2025\/03\/Le-Miroir-de-Subjugation-eBOOK-768x1229.jpg 768w, https:\/\/estellesebene.fr\/wp-content\/uploads\/2025\/03\/Le-Miroir-de-Subjugation-eBOOK-960x1536.jpg 960w, https:\/\/estellesebene.fr\/wp-content\/uploads\/2025\/03\/Le-Miroir-de-Subjugation-eBOOK-1280x2048.jpg 1280w, https:\/\/estellesebene.fr\/wp-content\/uploads\/2025\/03\/Le-Miroir-de-Subjugation-eBOOK-600x960.jpg 600w\" sizes=\"auto, (max-width: 1600px) 100vw, 1600px\" \/><\/figure>\n<\/div>\n<\/div>\n\n\n\n<div class=\"wp-block-group alignfull has-accent-5-background-color has-background has-global-padding is-layout-constrained wp-container-core-group-is-layout-d89aad35 wp-block-group-is-layout-constrained\" style=\"margin-top:0;margin-bottom:0;padding-top:var(--wp--preset--spacing--50);padding-right:var(--wp--preset--spacing--50);padding-bottom:var(--wp--preset--spacing--50);padding-left:var(--wp--preset--spacing--50)\">\n<div class=\"wp-block-columns alignwide is-layout-flex wp-container-core-columns-is-layout-1da03c2a wp-block-columns-is-layout-flex\">\n<div class=\"wp-block-column is-vertically-aligned-center is-layout-flow wp-block-column-is-layout-flow\" style=\"flex-basis:60%\">\n<figure class=\"wp-block-image size-full is-style-rounded is-style-rounded--4\"><img loading=\"lazy\" decoding=\"async\" width=\"512\" height=\"800\" src=\"https:\/\/estellesebene.fr\/wp-content\/uploads\/2025\/12\/couverture-BdL.jpg\" alt=\"\" class=\"wp-image-302\" srcset=\"https:\/\/estellesebene.fr\/wp-content\/uploads\/2025\/12\/couverture-BdL.jpg 512w, https:\/\/estellesebene.fr\/wp-content\/uploads\/2025\/12\/couverture-BdL-192x300.jpg 192w\" sizes=\"auto, (max-width: 512px) 100vw, 512px\" \/><\/figure>\n<\/div>\n\n\n\n<div class=\"wp-block-column is-layout-flow wp-block-column-is-layout-flow\" style=\"flex-basis:40%\">\n<h2 class=\"wp-block-heading\">Briseuses de L\u00e9gendes<\/h2>\n\n\n\n<h3 class=\"wp-block-heading\">Une fantasy f\u00e9ministe NA<\/h3>\n\n\n\n<p><em>Projet en cours<\/em><\/p>\n\n\n\n<p><\/p>\n\n\n\n<div class=\"wp-block-buttons is-layout-flex wp-block-buttons-is-layout-flex\">\n<div class=\"wp-block-button\"><a class=\"wp-block-button__link wp-element-button\" href=\"https:\/\/estellesebene.fr\/index.php\/briseuses-de-legendes\/\" target=\"_blank\" rel=\"noreferrer noopener\">D\u00e9couvrir l&rsquo;univers<\/a><\/div>\n<\/div>\n<\/div>\n<\/div>\n<\/div>\n<\/div>\n\n\n\n<p><\/p>\n","protected":false},"excerpt":{"rendered":"<p>Rencards et Katanas Une nouvelle d&rsquo;Urban Fantasy Tuer des d\u00e9mons et chercher le grand amour&nbsp;: est-ce vraiment compatible&nbsp;? Encore un rendez-vous rat\u00e9 pour Clio&nbsp;! D\u00e9cid\u00e9ment, pas facile de concilier la vie d\u2019exterminatrice de d\u00e9mons avec la recherche de relation. Et quand un d\u00e9mon particuli\u00e8rement dangereux s\u2019invite dans le monde humain, les choses se compliquent encore\u2026 [&hellip;]<\/p>\n","protected":false},"author":1,"featured_media":0,"parent":0,"menu_order":0,"comment_status":"closed","ping_status":"closed","template":"","meta":{"footnotes":""},"class_list":["post-44","page","type-page","status-publish","hentry"],"yoast_head":"<!-- This site is optimized with the Yoast SEO plugin v27.5 - https:\/\/yoast.com\/product\/yoast-seo-wordpress\/ -->\n<title>Mes ouvrages - Estelle S\u00e9b\u00e8ne Autrice<\/title>\n<meta name=\"description\" content=\"D\u00e9couvrez les r\u00e9sum\u00e9s des ouvrages de Estelle S\u00e9b\u00e8ne, autrice de l&#039;imaginaire. Une nouvelle d&#039;urban fantasy est offerte.\" \/>\n<meta name=\"robots\" content=\"index, follow, max-snippet:-1, max-image-preview:large, max-video-preview:-1\" \/>\n<link rel=\"canonical\" href=\"https:\/\/estellesebene.fr\/index.php\/mes-ouvrages\/\" \/>\n<meta property=\"og:locale\" content=\"fr_FR\" \/>\n<meta property=\"og:type\" content=\"article\" \/>\n<meta property=\"og:title\" content=\"Mes ouvrages - Estelle S\u00e9b\u00e8ne Autrice\" \/>\n<meta property=\"og:description\" content=\"D\u00e9couvrez les r\u00e9sum\u00e9s des ouvrages de Estelle S\u00e9b\u00e8ne, autrice de l&#039;imaginaire. Une nouvelle d&#039;urban fantasy est offerte.\" \/>\n<meta property=\"og:url\" content=\"https:\/\/estellesebene.fr\/index.php\/mes-ouvrages\/\" \/>\n<meta property=\"og:site_name\" content=\"Estelle S\u00e9b\u00e8ne Autrice\" \/>\n<meta property=\"article:modified_time\" content=\"2025-12-02T18:13:43+00:00\" \/>\n<meta property=\"og:image\" content=\"https:\/\/estellesebene.fr\/wp-content\/uploads\/2025\/04\/couverture-rk-v3.jpg\" \/>\n\t<meta property=\"og:image:width\" content=\"1500\" \/>\n\t<meta property=\"og:image:height\" content=\"2250\" \/>\n\t<meta property=\"og:image:type\" content=\"image\/jpeg\" \/>\n<meta name=\"twitter:card\" content=\"summary_large_image\" \/>\n<meta name=\"twitter:label1\" content=\"Dur\u00e9e de lecture estim\u00e9e\" \/>\n\t<meta name=\"twitter:data1\" content=\"2 minutes\" \/>\n<script type=\"application\/ld+json\" class=\"yoast-schema-graph\">{\"@context\":\"https:\\\/\\\/schema.org\",\"@graph\":[{\"@type\":\"WebPage\",\"@id\":\"https:\\\/\\\/estellesebene.fr\\\/index.php\\\/mes-ouvrages\\\/\",\"url\":\"https:\\\/\\\/estellesebene.fr\\\/index.php\\\/mes-ouvrages\\\/\",\"name\":\"Mes ouvrages - Estelle S\u00e9b\u00e8ne Autrice\",\"isPartOf\":{\"@id\":\"https:\\\/\\\/estellesebene.fr\\\/#website\"},\"primaryImageOfPage\":{\"@id\":\"https:\\\/\\\/estellesebene.fr\\\/index.php\\\/mes-ouvrages\\\/#primaryimage\"},\"image\":{\"@id\":\"https:\\\/\\\/estellesebene.fr\\\/index.php\\\/mes-ouvrages\\\/#primaryimage\"},\"thumbnailUrl\":\"https:\\\/\\\/estellesebene.fr\\\/wp-content\\\/uploads\\\/2025\\\/04\\\/couverture-rk-v3.jpg\",\"datePublished\":\"2024-09-07T13:58:36+00:00\",\"dateModified\":\"2025-12-02T18:13:43+00:00\",\"description\":\"D\u00e9couvrez les r\u00e9sum\u00e9s des ouvrages de Estelle S\u00e9b\u00e8ne, autrice de l'imaginaire. Une nouvelle d'urban fantasy est offerte.\",\"breadcrumb\":{\"@id\":\"https:\\\/\\\/estellesebene.fr\\\/index.php\\\/mes-ouvrages\\\/#breadcrumb\"},\"inLanguage\":\"fr-FR\",\"potentialAction\":[{\"@type\":\"ReadAction\",\"target\":[\"https:\\\/\\\/estellesebene.fr\\\/index.php\\\/mes-ouvrages\\\/\"]}]},{\"@type\":\"ImageObject\",\"inLanguage\":\"fr-FR\",\"@id\":\"https:\\\/\\\/estellesebene.fr\\\/index.php\\\/mes-ouvrages\\\/#primaryimage\",\"url\":\"https:\\\/\\\/estellesebene.fr\\\/wp-content\\\/uploads\\\/2025\\\/04\\\/couverture-rk-v3.jpg\",\"contentUrl\":\"https:\\\/\\\/estellesebene.fr\\\/wp-content\\\/uploads\\\/2025\\\/04\\\/couverture-rk-v3.jpg\",\"width\":1500,\"height\":2250},{\"@type\":\"BreadcrumbList\",\"@id\":\"https:\\\/\\\/estellesebene.fr\\\/index.php\\\/mes-ouvrages\\\/#breadcrumb\",\"itemListElement\":[{\"@type\":\"ListItem\",\"position\":1,\"name\":\"Accueil\",\"item\":\"https:\\\/\\\/estellesebene.fr\\\/\"},{\"@type\":\"ListItem\",\"position\":2,\"name\":\"Mes ouvrages\"}]},{\"@type\":\"WebSite\",\"@id\":\"https:\\\/\\\/estellesebene.fr\\\/#website\",\"url\":\"https:\\\/\\\/estellesebene.fr\\\/\",\"name\":\"estellesebene\",\"description\":\"Du r\u00eave et des mots\",\"publisher\":{\"@id\":\"https:\\\/\\\/estellesebene.fr\\\/#organization\"},\"potentialAction\":[{\"@type\":\"SearchAction\",\"target\":{\"@type\":\"EntryPoint\",\"urlTemplate\":\"https:\\\/\\\/estellesebene.fr\\\/?s={search_term_string}\"},\"query-input\":{\"@type\":\"PropertyValueSpecification\",\"valueRequired\":true,\"valueName\":\"search_term_string\"}}],\"inLanguage\":\"fr-FR\"},{\"@type\":\"Organization\",\"@id\":\"https:\\\/\\\/estellesebene.fr\\\/#organization\",\"name\":\"Estelle S\u00e9b\u00e8ne\",\"url\":\"https:\\\/\\\/estellesebene.fr\\\/\",\"logo\":{\"@type\":\"ImageObject\",\"inLanguage\":\"fr-FR\",\"@id\":\"https:\\\/\\\/estellesebene.fr\\\/#\\\/schema\\\/logo\\\/image\\\/\",\"url\":\"https:\\\/\\\/capsmdj.cluster030.hosting.ovh.net\\\/wp-content\\\/uploads\\\/2024\\\/01\\\/logo.png\",\"contentUrl\":\"https:\\\/\\\/capsmdj.cluster030.hosting.ovh.net\\\/wp-content\\\/uploads\\\/2024\\\/01\\\/logo.png\",\"width\":500,\"height\":500,\"caption\":\"Estelle S\u00e9b\u00e8ne\"},\"image\":{\"@id\":\"https:\\\/\\\/estellesebene.fr\\\/#\\\/schema\\\/logo\\\/image\\\/\"}}]}<\/script>\n<!-- \/ Yoast SEO plugin. -->","yoast_head_json":{"title":"Mes ouvrages - Estelle S\u00e9b\u00e8ne Autrice","description":"D\u00e9couvrez les r\u00e9sum\u00e9s des ouvrages de Estelle S\u00e9b\u00e8ne, autrice de l'imaginaire. Une nouvelle d'urban fantasy est offerte.","robots":{"index":"index","follow":"follow","max-snippet":"max-snippet:-1","max-image-preview":"max-image-preview:large","max-video-preview":"max-video-preview:-1"},"canonical":"https:\/\/estellesebene.fr\/index.php\/mes-ouvrages\/","og_locale":"fr_FR","og_type":"article","og_title":"Mes ouvrages - Estelle S\u00e9b\u00e8ne Autrice","og_description":"D\u00e9couvrez les r\u00e9sum\u00e9s des ouvrages de Estelle S\u00e9b\u00e8ne, autrice de l'imaginaire. Une nouvelle d'urban fantasy est offerte.","og_url":"https:\/\/estellesebene.fr\/index.php\/mes-ouvrages\/","og_site_name":"Estelle S\u00e9b\u00e8ne Autrice","article_modified_time":"2025-12-02T18:13:43+00:00","og_image":[{"width":1500,"height":2250,"url":"https:\/\/estellesebene.fr\/wp-content\/uploads\/2025\/04\/couverture-rk-v3.jpg","type":"image\/jpeg"}],"twitter_card":"summary_large_image","twitter_misc":{"Dur\u00e9e de lecture estim\u00e9e":"2 minutes"},"schema":{"@context":"https:\/\/schema.org","@graph":[{"@type":"WebPage","@id":"https:\/\/estellesebene.fr\/index.php\/mes-ouvrages\/","url":"https:\/\/estellesebene.fr\/index.php\/mes-ouvrages\/","name":"Mes ouvrages - Estelle S\u00e9b\u00e8ne Autrice","isPartOf":{"@id":"https:\/\/estellesebene.fr\/#website"},"primaryImageOfPage":{"@id":"https:\/\/estellesebene.fr\/index.php\/mes-ouvrages\/#primaryimage"},"image":{"@id":"https:\/\/estellesebene.fr\/index.php\/mes-ouvrages\/#primaryimage"},"thumbnailUrl":"https:\/\/estellesebene.fr\/wp-content\/uploads\/2025\/04\/couverture-rk-v3.jpg","datePublished":"2024-09-07T13:58:36+00:00","dateModified":"2025-12-02T18:13:43+00:00","description":"D\u00e9couvrez les r\u00e9sum\u00e9s des ouvrages de Estelle S\u00e9b\u00e8ne, autrice de l'imaginaire. Une nouvelle d'urban fantasy est offerte.","breadcrumb":{"@id":"https:\/\/estellesebene.fr\/index.php\/mes-ouvrages\/#breadcrumb"},"inLanguage":"fr-FR","potentialAction":[{"@type":"ReadAction","target":["https:\/\/estellesebene.fr\/index.php\/mes-ouvrages\/"]}]},{"@type":"ImageObject","inLanguage":"fr-FR","@id":"https:\/\/estellesebene.fr\/index.php\/mes-ouvrages\/#primaryimage","url":"https:\/\/estellesebene.fr\/wp-content\/uploads\/2025\/04\/couverture-rk-v3.jpg","contentUrl":"https:\/\/estellesebene.fr\/wp-content\/uploads\/2025\/04\/couverture-rk-v3.jpg","width":1500,"height":2250},{"@type":"BreadcrumbList","@id":"https:\/\/estellesebene.fr\/index.php\/mes-ouvrages\/#breadcrumb","itemListElement":[{"@type":"ListItem","position":1,"name":"Accueil","item":"https:\/\/estellesebene.fr\/"},{"@type":"ListItem","position":2,"name":"Mes ouvrages"}]},{"@type":"WebSite","@id":"https:\/\/estellesebene.fr\/#website","url":"https:\/\/estellesebene.fr\/","name":"estellesebene","description":"Du r\u00eave et des mots","publisher":{"@id":"https:\/\/estellesebene.fr\/#organization"},"potentialAction":[{"@type":"SearchAction","target":{"@type":"EntryPoint","urlTemplate":"https:\/\/estellesebene.fr\/?s={search_term_string}"},"query-input":{"@type":"PropertyValueSpecification","valueRequired":true,"valueName":"search_term_string"}}],"inLanguage":"fr-FR"},{"@type":"Organization","@id":"https:\/\/estellesebene.fr\/#organization","name":"Estelle S\u00e9b\u00e8ne","url":"https:\/\/estellesebene.fr\/","logo":{"@type":"ImageObject","inLanguage":"fr-FR","@id":"https:\/\/estellesebene.fr\/#\/schema\/logo\/image\/","url":"https:\/\/capsmdj.cluster030.hosting.ovh.net\/wp-content\/uploads\/2024\/01\/logo.png","contentUrl":"https:\/\/capsmdj.cluster030.hosting.ovh.net\/wp-content\/uploads\/2024\/01\/logo.png","width":500,"height":500,"caption":"Estelle S\u00e9b\u00e8ne"},"image":{"@id":"https:\/\/estellesebene.fr\/#\/schema\/logo\/image\/"}}]}},"_links":{"self":[{"href":"https:\/\/estellesebene.fr\/index.php\/wp-json\/wp\/v2\/pages\/44","targetHints":{"allow":["GET"]}}],"collection":[{"href":"https:\/\/estellesebene.fr\/index.php\/wp-json\/wp\/v2\/pages"}],"about":[{"href":"https:\/\/estellesebene.fr\/index.php\/wp-json\/wp\/v2\/types\/page"}],"author":[{"embeddable":true,"href":"https:\/\/estellesebene.fr\/index.php\/wp-json\/wp\/v2\/users\/1"}],"replies":[{"embeddable":true,"href":"https:\/\/estellesebene.fr\/index.php\/wp-json\/wp\/v2\/comments?post=44"}],"version-history":[{"count":19,"href":"https:\/\/estellesebene.fr\/index.php\/wp-json\/wp\/v2\/pages\/44\/revisions"}],"predecessor-version":[{"id":311,"href":"https:\/\/estellesebene.fr\/index.php\/wp-json\/wp\/v2\/pages\/44\/revisions\/311"}],"wp:attachment":[{"href":"https:\/\/estellesebene.fr\/index.php\/wp-json\/wp\/v2\/media?parent=44"}],"curies":[{"name":"wp","href":"https:\/\/api.w.org\/{rel}","templated":true}]}}