{"id":244,"date":"2025-07-05T14:24:12","date_gmt":"2025-07-05T12:24:12","guid":{"rendered":"https:\/\/estellesebene.fr\/?post_type=product&#038;p=244"},"modified":"2025-07-05T14:29:55","modified_gmt":"2025-07-05T12:29:55","slug":"la-liberte-au-feminin","status":"publish","type":"product","link":"https:\/\/estellesebene.fr\/index.php\/produit\/la-liberte-au-feminin\/","title":{"rendered":"La Libert\u00e9, au F\u00e9minin"},"content":{"rendered":"<p>Le recueil de nouvelles La Libert\u00e9 au F\u00e9minin regroupe 18 nouvelles, de 18 auteurices diff\u00e9rent\u00b7 es, suite au concours de la maison d&rsquo;\u00e9dition BookBouquine.<\/p>\n<p>Vous y retrouverez ma nouvelle, S\u0153ur F\u00e9e, qui \u00e9voque la question du mariage forc\u00e9.<\/p>\n<p>Le broch\u00e9, d\u00e9dicac\u00e9, frais de port en Mondial Relay inclus.<\/p>\n","protected":false},"excerpt":{"rendered":"<p>Un exemplaire broch\u00e9, d\u00e9dicac\u00e9 du recueil de nouvelles La Libert\u00e9, au F\u00e9minin.<\/p>\n<p>Frais de port inclus.<\/p>\n","protected":false},"featured_media":247,"comment_status":"open","ping_status":"closed","template":"","meta":[],"product_brand":[],"product_cat":[17],"product_tag":[],"class_list":{"0":"post-244","1":"product","2":"type-product","3":"status-publish","4":"has-post-thumbnail","6":"product_cat-non-classe","7":"product_shipping_class-gratuit","9":"first","10":"instock","11":"shipping-taxable","12":"purchasable","13":"product-type-simple"},"yoast_head":"<!-- This site is optimized with the Yoast SEO plugin v27.5 - https:\/\/yoast.com\/product\/yoast-seo-wordpress\/ -->\n<title>La Libert\u00e9, au F\u00e9minin - Estelle S\u00e9b\u00e8ne Autrice<\/title>\n<meta name=\"description\" content=\"Achetez un exemplaire broch\u00e9 et d\u00e9dicac\u00e9 du recueil de nouvelles, La Libert\u00e9 au F\u00e9minin, de la maison d&#039;\u00e9dition BookBouqine.\" \/>\n<meta name=\"robots\" content=\"index, follow, max-snippet:-1, max-image-preview:large, max-video-preview:-1\" \/>\n<link rel=\"canonical\" href=\"https:\/\/estellesebene.fr\/index.php\/produit\/la-liberte-au-feminin\/\" \/>\n<meta property=\"og:locale\" content=\"fr_FR\" \/>\n<meta property=\"og:type\" content=\"article\" \/>\n<meta property=\"og:title\" content=\"La Libert\u00e9, au F\u00e9minin - Estelle S\u00e9b\u00e8ne Autrice\" \/>\n<meta property=\"og:description\" content=\"Achetez un exemplaire broch\u00e9 et d\u00e9dicac\u00e9 du recueil de nouvelles, La Libert\u00e9 au F\u00e9minin, de la maison d&#039;\u00e9dition BookBouqine.\" \/>\n<meta property=\"og:url\" content=\"https:\/\/estellesebene.fr\/index.php\/produit\/la-liberte-au-feminin\/\" \/>\n<meta property=\"og:site_name\" content=\"Estelle S\u00e9b\u00e8ne Autrice\" \/>\n<meta property=\"article:modified_time\" content=\"2025-07-05T12:29:55+00:00\" \/>\n<meta property=\"og:image\" content=\"https:\/\/estellesebene.fr\/wp-content\/uploads\/2025\/07\/Liberte-feminin.jpg\" \/>\n\t<meta property=\"og:image:width\" content=\"1080\" \/>\n\t<meta property=\"og:image:height\" content=\"1080\" \/>\n\t<meta property=\"og:image:type\" content=\"image\/jpeg\" \/>\n<meta name=\"twitter:card\" content=\"summary_large_image\" \/>\n<meta name=\"twitter:label1\" content=\"Dur\u00e9e de lecture estim\u00e9e\" \/>\n\t<meta name=\"twitter:data1\" content=\"1 minute\" \/>\n<script type=\"application\/ld+json\" class=\"yoast-schema-graph\">{\"@context\":\"https:\\\/\\\/schema.org\",\"@graph\":[{\"@type\":\"WebPage\",\"@id\":\"https:\\\/\\\/estellesebene.fr\\\/index.php\\\/produit\\\/la-liberte-au-feminin\\\/\",\"url\":\"https:\\\/\\\/estellesebene.fr\\\/index.php\\\/produit\\\/la-liberte-au-feminin\\\/\",\"name\":\"La Libert\u00e9, au F\u00e9minin - Estelle S\u00e9b\u00e8ne Autrice\",\"isPartOf\":{\"@id\":\"https:\\\/\\\/estellesebene.fr\\\/#website\"},\"primaryImageOfPage\":{\"@id\":\"https:\\\/\\\/estellesebene.fr\\\/index.php\\\/produit\\\/la-liberte-au-feminin\\\/#primaryimage\"},\"image\":{\"@id\":\"https:\\\/\\\/estellesebene.fr\\\/index.php\\\/produit\\\/la-liberte-au-feminin\\\/#primaryimage\"},\"thumbnailUrl\":\"https:\\\/\\\/estellesebene.fr\\\/wp-content\\\/uploads\\\/2025\\\/07\\\/Liberte-feminin.jpg\",\"datePublished\":\"2025-07-05T12:24:12+00:00\",\"dateModified\":\"2025-07-05T12:29:55+00:00\",\"description\":\"Achetez un exemplaire broch\u00e9 et d\u00e9dicac\u00e9 du recueil de nouvelles, La Libert\u00e9 au F\u00e9minin, de la maison d'\u00e9dition BookBouqine.\",\"breadcrumb\":{\"@id\":\"https:\\\/\\\/estellesebene.fr\\\/index.php\\\/produit\\\/la-liberte-au-feminin\\\/#breadcrumb\"},\"inLanguage\":\"fr-FR\",\"potentialAction\":[{\"@type\":\"ReadAction\",\"target\":[\"https:\\\/\\\/estellesebene.fr\\\/index.php\\\/produit\\\/la-liberte-au-feminin\\\/\"]}]},{\"@type\":\"ImageObject\",\"inLanguage\":\"fr-FR\",\"@id\":\"https:\\\/\\\/estellesebene.fr\\\/index.php\\\/produit\\\/la-liberte-au-feminin\\\/#primaryimage\",\"url\":\"https:\\\/\\\/estellesebene.fr\\\/wp-content\\\/uploads\\\/2025\\\/07\\\/Liberte-feminin.jpg\",\"contentUrl\":\"https:\\\/\\\/estellesebene.fr\\\/wp-content\\\/uploads\\\/2025\\\/07\\\/Liberte-feminin.jpg\",\"width\":1080,\"height\":1080,\"caption\":\"Mockup du livre La Libert\u00e9 au F\u00e9minin\"},{\"@type\":\"BreadcrumbList\",\"@id\":\"https:\\\/\\\/estellesebene.fr\\\/index.php\\\/produit\\\/la-liberte-au-feminin\\\/#breadcrumb\",\"itemListElement\":[{\"@type\":\"ListItem\",\"position\":1,\"name\":\"Accueil\",\"item\":\"https:\\\/\\\/estellesebene.fr\\\/\"},{\"@type\":\"ListItem\",\"position\":2,\"name\":\"Boutique\",\"item\":\"https:\\\/\\\/estellesebene.fr\\\/index.php\\\/boutique\\\/\"},{\"@type\":\"ListItem\",\"position\":3,\"name\":\"La Libert\u00e9, au F\u00e9minin\"}]},{\"@type\":\"WebSite\",\"@id\":\"https:\\\/\\\/estellesebene.fr\\\/#website\",\"url\":\"https:\\\/\\\/estellesebene.fr\\\/\",\"name\":\"estellesebene\",\"description\":\"Du r\u00eave et des mots\",\"publisher\":{\"@id\":\"https:\\\/\\\/estellesebene.fr\\\/#organization\"},\"potentialAction\":[{\"@type\":\"SearchAction\",\"target\":{\"@type\":\"EntryPoint\",\"urlTemplate\":\"https:\\\/\\\/estellesebene.fr\\\/?s={search_term_string}\"},\"query-input\":{\"@type\":\"PropertyValueSpecification\",\"valueRequired\":true,\"valueName\":\"search_term_string\"}}],\"inLanguage\":\"fr-FR\"},{\"@type\":\"Organization\",\"@id\":\"https:\\\/\\\/estellesebene.fr\\\/#organization\",\"name\":\"Estelle S\u00e9b\u00e8ne\",\"url\":\"https:\\\/\\\/estellesebene.fr\\\/\",\"logo\":{\"@type\":\"ImageObject\",\"inLanguage\":\"fr-FR\",\"@id\":\"https:\\\/\\\/estellesebene.fr\\\/#\\\/schema\\\/logo\\\/image\\\/\",\"url\":\"https:\\\/\\\/capsmdj.cluster030.hosting.ovh.net\\\/wp-content\\\/uploads\\\/2024\\\/01\\\/logo.png\",\"contentUrl\":\"https:\\\/\\\/capsmdj.cluster030.hosting.ovh.net\\\/wp-content\\\/uploads\\\/2024\\\/01\\\/logo.png\",\"width\":500,\"height\":500,\"caption\":\"Estelle S\u00e9b\u00e8ne\"},\"image\":{\"@id\":\"https:\\\/\\\/estellesebene.fr\\\/#\\\/schema\\\/logo\\\/image\\\/\"}}]}<\/script>\n<!-- \/ Yoast SEO plugin. -->","yoast_head_json":{"title":"La Libert\u00e9, au F\u00e9minin - Estelle S\u00e9b\u00e8ne Autrice","description":"Achetez un exemplaire broch\u00e9 et d\u00e9dicac\u00e9 du recueil de nouvelles, La Libert\u00e9 au F\u00e9minin, de la maison d'\u00e9dition BookBouqine.","robots":{"index":"index","follow":"follow","max-snippet":"max-snippet:-1","max-image-preview":"max-image-preview:large","max-video-preview":"max-video-preview:-1"},"canonical":"https:\/\/estellesebene.fr\/index.php\/produit\/la-liberte-au-feminin\/","og_locale":"fr_FR","og_type":"article","og_title":"La Libert\u00e9, au F\u00e9minin - Estelle S\u00e9b\u00e8ne Autrice","og_description":"Achetez un exemplaire broch\u00e9 et d\u00e9dicac\u00e9 du recueil de nouvelles, La Libert\u00e9 au F\u00e9minin, de la maison d'\u00e9dition BookBouqine.","og_url":"https:\/\/estellesebene.fr\/index.php\/produit\/la-liberte-au-feminin\/","og_site_name":"Estelle S\u00e9b\u00e8ne Autrice","article_modified_time":"2025-07-05T12:29:55+00:00","og_image":[{"width":1080,"height":1080,"url":"https:\/\/estellesebene.fr\/wp-content\/uploads\/2025\/07\/Liberte-feminin.jpg","type":"image\/jpeg"}],"twitter_card":"summary_large_image","twitter_misc":{"Dur\u00e9e de lecture estim\u00e9e":"1 minute"},"schema":{"@context":"https:\/\/schema.org","@graph":[{"@type":"WebPage","@id":"https:\/\/estellesebene.fr\/index.php\/produit\/la-liberte-au-feminin\/","url":"https:\/\/estellesebene.fr\/index.php\/produit\/la-liberte-au-feminin\/","name":"La Libert\u00e9, au F\u00e9minin - Estelle S\u00e9b\u00e8ne Autrice","isPartOf":{"@id":"https:\/\/estellesebene.fr\/#website"},"primaryImageOfPage":{"@id":"https:\/\/estellesebene.fr\/index.php\/produit\/la-liberte-au-feminin\/#primaryimage"},"image":{"@id":"https:\/\/estellesebene.fr\/index.php\/produit\/la-liberte-au-feminin\/#primaryimage"},"thumbnailUrl":"https:\/\/estellesebene.fr\/wp-content\/uploads\/2025\/07\/Liberte-feminin.jpg","datePublished":"2025-07-05T12:24:12+00:00","dateModified":"2025-07-05T12:29:55+00:00","description":"Achetez un exemplaire broch\u00e9 et d\u00e9dicac\u00e9 du recueil de nouvelles, La Libert\u00e9 au F\u00e9minin, de la maison d'\u00e9dition BookBouqine.","breadcrumb":{"@id":"https:\/\/estellesebene.fr\/index.php\/produit\/la-liberte-au-feminin\/#breadcrumb"},"inLanguage":"fr-FR","potentialAction":[{"@type":"ReadAction","target":["https:\/\/estellesebene.fr\/index.php\/produit\/la-liberte-au-feminin\/"]}]},{"@type":"ImageObject","inLanguage":"fr-FR","@id":"https:\/\/estellesebene.fr\/index.php\/produit\/la-liberte-au-feminin\/#primaryimage","url":"https:\/\/estellesebene.fr\/wp-content\/uploads\/2025\/07\/Liberte-feminin.jpg","contentUrl":"https:\/\/estellesebene.fr\/wp-content\/uploads\/2025\/07\/Liberte-feminin.jpg","width":1080,"height":1080,"caption":"Mockup du livre La Libert\u00e9 au F\u00e9minin"},{"@type":"BreadcrumbList","@id":"https:\/\/estellesebene.fr\/index.php\/produit\/la-liberte-au-feminin\/#breadcrumb","itemListElement":[{"@type":"ListItem","position":1,"name":"Accueil","item":"https:\/\/estellesebene.fr\/"},{"@type":"ListItem","position":2,"name":"Boutique","item":"https:\/\/estellesebene.fr\/index.php\/boutique\/"},{"@type":"ListItem","position":3,"name":"La Libert\u00e9, au F\u00e9minin"}]},{"@type":"WebSite","@id":"https:\/\/estellesebene.fr\/#website","url":"https:\/\/estellesebene.fr\/","name":"estellesebene","description":"Du r\u00eave et des mots","publisher":{"@id":"https:\/\/estellesebene.fr\/#organization"},"potentialAction":[{"@type":"SearchAction","target":{"@type":"EntryPoint","urlTemplate":"https:\/\/estellesebene.fr\/?s={search_term_string}"},"query-input":{"@type":"PropertyValueSpecification","valueRequired":true,"valueName":"search_term_string"}}],"inLanguage":"fr-FR"},{"@type":"Organization","@id":"https:\/\/estellesebene.fr\/#organization","name":"Estelle S\u00e9b\u00e8ne","url":"https:\/\/estellesebene.fr\/","logo":{"@type":"ImageObject","inLanguage":"fr-FR","@id":"https:\/\/estellesebene.fr\/#\/schema\/logo\/image\/","url":"https:\/\/capsmdj.cluster030.hosting.ovh.net\/wp-content\/uploads\/2024\/01\/logo.png","contentUrl":"https:\/\/capsmdj.cluster030.hosting.ovh.net\/wp-content\/uploads\/2024\/01\/logo.png","width":500,"height":500,"caption":"Estelle S\u00e9b\u00e8ne"},"image":{"@id":"https:\/\/estellesebene.fr\/#\/schema\/logo\/image\/"}}]}},"_links":{"self":[{"href":"https:\/\/estellesebene.fr\/index.php\/wp-json\/wp\/v2\/product\/244","targetHints":{"allow":["GET"]}}],"collection":[{"href":"https:\/\/estellesebene.fr\/index.php\/wp-json\/wp\/v2\/product"}],"about":[{"href":"https:\/\/estellesebene.fr\/index.php\/wp-json\/wp\/v2\/types\/product"}],"replies":[{"embeddable":true,"href":"https:\/\/estellesebene.fr\/index.php\/wp-json\/wp\/v2\/comments?post=244"}],"wp:featuredmedia":[{"embeddable":true,"href":"https:\/\/estellesebene.fr\/index.php\/wp-json\/wp\/v2\/media\/247"}],"wp:attachment":[{"href":"https:\/\/estellesebene.fr\/index.php\/wp-json\/wp\/v2\/media?parent=244"}],"wp:term":[{"taxonomy":"product_brand","embeddable":true,"href":"https:\/\/estellesebene.fr\/index.php\/wp-json\/wp\/v2\/product_brand?post=244"},{"taxonomy":"product_cat","embeddable":true,"href":"https:\/\/estellesebene.fr\/index.php\/wp-json\/wp\/v2\/product_cat?post=244"},{"taxonomy":"product_tag","embeddable":true,"href":"https:\/\/estellesebene.fr\/index.php\/wp-json\/wp\/v2\/product_tag?post=244"}],"curies":[{"name":"wp","href":"https:\/\/api.w.org\/{rel}","templated":true}]}}